{"id":896,"date":"2022-12-05T12:20:51","date_gmt":"2022-12-05T11:20:51","guid":{"rendered":"https:\/\/fundaciomullor.org\/?page_id=896"},"modified":"2022-12-05T12:36:12","modified_gmt":"2022-12-05T11:36:12","slug":"politica-de-privacidad","status":"publish","type":"page","link":"https:\/\/fundaciomullor.org\/es\/politica-de-privacidad\/","title":{"rendered":"Pol\u00edtica de privacidad"},"content":{"rendered":"\n<div style=\"height:100px\" aria-hidden=\"true\" class=\"wp-block-spacer\"><\/div>\n\n\n\n<h2 class=\"wp-block-heading\">Aviso legal<\/h2>\n\n\n\n<p>La presente p\u00e1gina Web ha sido dise\u00f1ada para dar a conocer los servicios ofertados por\u00a0<strong>Mullor, S.A<\/strong>. Es por ello que en cumplimiento de lo exigido en la Ley 34\/2002 se le informa que la presente p\u00e1gina y su dominio pertenece a\u00a0<strong>Mullor, S.A..<\/strong>\u00a0con\u00a0<strong><strong>CIF A08440323<\/strong><\/strong>\u00a0y domicilio social en\u00a0<strong><strong>Carrer Marqu\u00e8s de Sentmenat, 74, <strong><strong>bajos<\/strong><\/strong>, 08029, Barcelona<\/strong><\/strong>.<\/p>\n\n\n\n<p>El dominio\u00a0<strong>fundaciomullor.com<\/strong>\u00a0es titularidad de\u00a0<strong>Mullor, S.A.<\/strong>\u00a0con\u00a0<strong><strong><strong>CIF A08440323<\/strong><\/strong><\/strong>\u00a0titular de los derechos de propiedad intelectual sobre las\u00a0<em>Webs<\/em>\u00a0y sus contenidos, sin perjuicio de los derechos leg\u00edtimos de terceros.<br>La sociedad titular est\u00e1 inscrita en el Registro Mercantil de\u00a0<strong><strong>Barcelona<\/strong><\/strong>\u00a0provista de\u00a0<strong>CIF\u00a0<strong><strong><strong>A08440323<\/strong><\/strong><\/strong><\/strong>\u00a0y tiene su domicilio a los efectos del presente Aviso Legal en\u00a0<strong><strong>Carrer Marqu\u00e8s de Sentmenat, 74, baixos, 08029, Barcelona<\/strong><\/strong>. Usted puede ponerse en contacto con nosotros en el siguiente correo electr\u00f3nico:\u00a0<strong><a><strong><strong>mullor@mullor.com<\/strong><\/strong><\/a><\/strong>.<\/p>\n\n\n\n<div style=\"height:100px\" aria-hidden=\"true\" class=\"wp-block-spacer\"><\/div>\n\n\n\n<h2 class=\"wp-block-heading\">Informaci\u00f3n de tratamiento de datos de car\u00e1cter personal<\/h2>\n\n\n\n<p>En cumplimiento del deber legal de informaci\u00f3n establecido en la Ley 3\/2018 de Protecci\u00f3n de Datos Personales y Garant\u00eda de los Derechos Digitales y en el art\u00edculo 13 de Reglamento (EU)2016\/679 se les facilita la siguiente informaci\u00f3n b\u00e1sica relativa a los datos personales facilitados.<\/p>\n\n\n\n<p><strong>Responsable del Tratamiento<\/strong><br>Mullor, S.A.<br>A08440323<br>Carrer Marqu\u00e8s de Sentmenat, 74, baixos, 08029, Barcelona<br>902504405<br><a href=\"mailto:mullor@mullor.com\">mullor@mullor.com<\/a><\/p>\n\n\n\n<p><strong>Finalidades del Tratamiento<\/strong><br>Tratamos la informaci\u00f3n que nos facilita con el fin de cumplir&nbsp;<strong>con el deber de informaci\u00f3n previa y servicios proporcionados por nuestra empresa<\/strong>. Se utilizar\u00e1 su correo electr\u00f3nico para gestionar el env\u00edo de la informaci\u00f3n que nos solicite y para<br>facilitarle ofertas de productos y servicios nuevos que pudieran ser de su inter\u00e9s. Los datos personales proporcionados ser\u00e1n conservados el tiempo m\u00ednimo necesario para satisfacer la finalidad para la cual los facilit\u00f3, as\u00ed como para atender las<br>responsabilidades que se pudieran derivar de los datos suministrados y de cualquier otra exigencia legal.<\/p>\n\n\n\n<p><strong>Legitimaci\u00f3n del Tratamiento<\/strong><br>La base legal para el tratamiento de sus datos es su&nbsp;<strong>consentimiento previo para enviarle informaci\u00f3n sobre productos y servicios y el inter\u00e9s leg\u00edtimo del responsable en darle respuesta a las cuestiones planteadas<\/strong>.<\/p>\n\n\n\n<p><strong>Destinatarios<\/strong><br>Si solicita informaci\u00f3n de nuestros servicios&nbsp;<strong>no est\u00e1 prevista cesi\u00f3n alguna. Si finalmente contrata alguno de nuestros servicios las cesiones previstas ser\u00e1n las m\u00ednimas y necesarias para el correcto cumplimiento del servicio contratado, su formalizaci\u00f3n, pago y facturaci\u00f3n. NO<\/strong>&nbsp;se prev\u00e9n transferencia de datos a terceros pa\u00edses<\/p>\n\n\n\n<p><strong>Derechos<\/strong><br>Usted tiene derecho a obtener informaci\u00f3n sobre si estamos tratando datos personales que le conciernen o no. Podr\u00e1 ejercer los derechos de acceso, rectificaci\u00f3n, supresi\u00f3n,<br>limitaci\u00f3n, portabilidad y cancelaci\u00f3n sobre sus datos personales. En cualquier momento el interesado puede retirar el consentimiento prestado sin que ello afecte a la licitud del tratamiento, as\u00ed como la posibilidad de acudir ante la autoridad de control competente (AEPD).<\/p>\n\n\n\n<p><strong>Procedencia<\/strong><br>Los datos personales proceden de la persona interesada y\/o de proveedores a los que haya prestado su consentimiento. La categor\u00eda de datos que tratamos son: identificativos (nombre, apellidos, DNI, tel\u00e9fono), direcciones postales y electr\u00f3nicas para comunicaciones Debido a la actividad principal y a los servicios contratados y \/o solicitados&nbsp;<strong>NO<\/strong>&nbsp;se tratan datos especialmente protegidos.<\/p>\n\n\n\n<div style=\"height:100px\" aria-hidden=\"true\" class=\"wp-block-spacer\"><\/div>\n\n\n\n<h2 class=\"wp-block-heading\">Pol\u00edtica sobre redes sociales (LOPD-RUE)<\/h2>\n\n\n\n<p>En cumplimiento de lo dispuesto por\u00a0<strong>Reglamento Europeo UE de Protecci\u00f3n de Datos de Car\u00e1cter Personal, 2016\/679,\u00a0<strong>Mullor, S.A<\/strong><\/strong>\u00a0informa que cuenta con presencia y v\u00ednculo en su WEB con redes sociales Facebook, Instagram y Twitter y les da uso para mantener informado a sus clientes de los productos, servicios y novedades, as\u00ed como plataforma de difusi\u00f3n de sus actividades formativas por todo ello les informamos que;<\/p>\n\n\n\n<p>Los datos recogidos mediante dichas redes sociales son tratados conforme a los requisitos legales exigidos en el<strong>&nbsp;Reglamento UE de Protecci\u00f3n de Datos<\/strong>, Si usted considera interesante ser nuestro FAN\/SEGUIDOR en este tipo de redes sociales, sepa que por seguirnos usted est\u00e1 cediendo sus datos a dichas plataformas y deber\u00e1 por ello de conocer y aceptar el uso que estas plataformas hacen de sus datos.<\/p>\n\n\n\n<p>Asimismo, le indicamos que\u00a0<strong><strong>Mullor, S.A<\/strong>.<\/strong>\u00a0no tratar\u00e1 sus datos para otro fin que no sea \u00fanica y exclusivamente el consentido por el usuario y aceptado, cumpliendo de esta forma el principio de calidad dispuesto en la Ley Org\u00e1nica de Protecci\u00f3n de Datos.<\/p>\n\n\n\n<p>El interesado podr\u00e1 darse de baja en dichas redes sociales, con un sencillo \u201cya no me gusta\u201d si bien ponemos a su disposici\u00f3n el siguiente correo electr\u00f3nico\u00a0<strong><a><strong><a><strong><strong>mullor@mullor.com<\/strong><\/strong><\/a><\/strong><\/a><\/strong>\u00a0con el fin de facilitar la comunicaci\u00f3n para cualquier duda en relaci\u00f3n a su tratamiento, denuncia de fotos etc.<\/p>\n\n\n\n<div style=\"height:100px\" aria-hidden=\"true\" class=\"wp-block-spacer\"><\/div>\n\n\n\n<h2 class=\"wp-block-heading\">Registro de usuario<\/h2>\n\n\n\n<p>Al utilizar la WEB\u00a0<strong><a href=\"https:\/\/selid.services\/\"><strong>Mullor, SA<\/strong><\/a><\/strong>\u00a0el usuario no siempre debe facilitar un nombre, un correo electr\u00f3nico sino que puede optar por navegar en la web sin necesidad de registro. S\u00f3lo si desea solicitar informaci\u00f3n a trav\u00e9s del formulario de contacto deber\u00e1 facilitar los datos m\u00ednimos requeridos y aceptar la pol\u00edtica e privacidad.<\/p>\n\n\n\n<p>Aceptando la pol\u00edtica de privacidad da su consentimiento expreso para que le facilitemos la informaci\u00f3n solicitada as\u00ed como para la posible recepci\u00f3n de boletines con informaci\u00f3n sobre ofertas, a cuyos efectos declara que toda la informaci\u00f3n suministrada a la hora de solicitar la informaci\u00f3n es verdadera, completa y precisa y que de conformidad con la&nbsp;<strong>Ley Org\u00e1nica 3\/2018 de 5 de diciembre de Protecci\u00f3n de Datos Personales y Garant\u00eda de los Derechos Digitales y al Reglamento Protecci\u00f3n de Datos de Car\u00e1cter Personal UE 679\/2016 de 27 de abril de 2016&nbsp;<\/strong>debiendo aceptar su tratamiento.<\/p>\n\n\n\n<p>La persona que solicitan informaci\u00f3n sobre servicios o productos ofertados en la WEB autoriza expresamente a&nbsp;<strong>Serveis Especial Laboral Integraci\u00f3 Discapacitats SL<\/strong>&nbsp;para que proceda a incluir sus datos en su registro de actividades automatizado concretamente denominado \u201cCOMUNICACIONES Y CONTACTOS WEB\u201d conforme al art\u00edculo 30 del Reglamento Protecci\u00f3n de Datos de Car\u00e1cter Personal UE 679\/2016 de 27 de abril de 2016 resultando que los datos de car\u00e1cter personal que proporcionados en los campos del formulario son necesarios para la adecuada prestaci\u00f3n de solicitud de informaci\u00f3n cuya recogida tiene como finalidad:<\/p>\n\n\n\n<ul class=\"wp-block-list\">\n<li>Poder ofrecerle respuesta a su solicitud<\/li>\n\n\n\n<li>Mantenerle informado de ofertas y promociones similares a las contratadas.<\/li>\n<\/ul>\n\n\n\n<div style=\"height:100px\" aria-hidden=\"true\" class=\"wp-block-spacer\"><\/div>\n\n\n\n<h2 class=\"wp-block-heading\">Limitaci\u00f3n de responsabilidad<\/h2>\n\n\n\n<p><strong><strong>Mullor, S.A<\/strong><\/strong>\u00a0efect\u00faa los mayores esfuerzos para la actualizaci\u00f3n, mantenimiento y funcionamiento de su sitio WEB, ofreciendo al Usuario este sitio como una herramienta para la informaci\u00f3n corporativa y de servicios, no obstante,\u00a0<strong><strong>Mullor, S.A<\/strong><\/strong>\u00a0no puede garantizar la ausencia de fallos t\u00e9cnicos, la seguridad total del servicio WEB, ni que el mismo este operativo las 24 horas del d\u00eda, siete d\u00edas a la semana en todo momento.<\/p>\n\n\n\n<div style=\"height:100px\" aria-hidden=\"true\" class=\"wp-block-spacer\"><\/div>\n\n\n\n<h2 class=\"wp-block-heading\">Propiedad industrial e intelectual<\/h2>\n\n\n\n<p>Esta WEB es propiedad de<strong>\u00a0Mullor, S.A<\/strong>\u00a0los derechos de Propiedad Intelectual y derechos de explotaci\u00f3n y reproducci\u00f3n de esta WEB, de sus p\u00e1ginas, pantallas, la informaci\u00f3n que contienen, su apariencia y dise\u00f1o, as\u00ed como los v\u00ednculos (\u201chiperlinks\u201d) que se establezcan desde ella a otras p\u00e1ginas WEB de cualquier sociedad anunciante en la misma, son propiedad exclusiva de \u00e9sta y dem\u00e1s anunciantes conforme a sus WEBs corporativas, salvo que expresamente se especifique otra cosa. Cualquier denominaci\u00f3n, dise\u00f1o y\/o logotipo, foto, as\u00ed como cualquier producto o servicio ofrecidos y reflejados en esta p\u00e1gina WEB, son propiedad de\u00a0<strong>Mullor, S.A.<\/strong><\/p>\n\n\n\n<p>Cualquier uso indebido de las mismas por personas diferentes de su leg\u00edtimo titular y sin el consentimiento expreso e inequ\u00edvoco por parte de \u00e9ste podr\u00e1 ser denunciado y perseguido a trav\u00e9s de todos los medios legales existentes en el Ordenamiento Jur\u00eddico espa\u00f1ol y\/o comunitario.<\/p>\n\n\n\n<p>Los derechos de autor, propiedad intelectual y marcas de terceros si los hubiese est\u00e1n destacados convenientemente y deben ser respetados por todo aqu\u00e9l que acceda a esta p\u00e1gina, no siendo responsabilidad de\u00a0<strong>Mullor, S.A<\/strong>\u00a0el uso que el usuario pueda llevar a cabo al respecto, recayendo la responsabilidad exclusiva en su persona.<\/p>\n\n\n\n<p><strong>Mullor, S.A<\/strong>\u00a0se reserva la facultad de modificar, suspender, cancelar o restringir el contenido de la WEB, los v\u00ednculos o la informaci\u00f3n obtenida a trav\u00e9s de ella, sin necesidad de previo aviso. \u00c9sta, en ning\u00fan caso, asume responsabilidad alguna como consecuencia de la incorrecta utilizaci\u00f3n de la WEB que pueda llevar a cabo el usuario, tanto de la informaci\u00f3n como de los servicios en ella contenidos.<\/p>\n\n\n\n<div style=\"height:100px\" aria-hidden=\"true\" class=\"wp-block-spacer\"><\/div>\n\n\n\n<h2 class=\"wp-block-heading\">Legislaci\u00f3n aplicable<\/h2>\n\n\n\n<p>Ley Org\u00e1nica 3\/2018 de 5 de diciembre de Protecci\u00f3n de Datos Personales y Garant\u00eda de los Derechos Digitales, Reglamento de Protecci\u00f3n de Datos de Car\u00e1cter Personal UE 679\/2016 de 27 de abril de 2016 y Ley 34\/2002 de 11 de julio de Servicios de la Sociedad de la Informaci\u00f3n y de Comercio Electr\u00f3nico.<\/p>\n\n\n\n<div style=\"height:100px\" aria-hidden=\"true\" class=\"wp-block-spacer\"><\/div>\n","protected":false},"excerpt":{"rendered":"<p>Aviso legal La presente p\u00e1gina Web ha sido dise\u00f1ada para dar a conocer los servicios ofertados por\u00a0Mullor, S.A. Es por ello que en cumplimiento de lo<span class=\"excerpt-hellip\"> [\u2026]<\/span><\/p>\n","protected":false},"author":1,"featured_media":0,"parent":0,"menu_order":0,"comment_status":"closed","ping_status":"closed","template":"","meta":{"footnotes":""},"class_list":["post-896","page","type-page","status-publish","hentry"],"yoast_head":"<!-- This site is optimized with the Yoast SEO plugin v27.2 - https:\/\/yoast.com\/product\/yoast-seo-wordpress\/ -->\n<title>Pol\u00edtica de privacidad - Mullor Fundaci\u00f3n<\/title>\n<meta name=\"robots\" content=\"index, follow, max-snippet:-1, max-image-preview:large, max-video-preview:-1\" \/>\n<link rel=\"canonical\" href=\"https:\/\/fundaciomullor.org\/es\/politica-de-privacidad\/\" \/>\n<meta property=\"og:locale\" content=\"es_ES\" \/>\n<meta property=\"og:type\" content=\"article\" \/>\n<meta property=\"og:title\" content=\"Pol\u00edtica de privacidad - Mullor Fundaci\u00f3n\" \/>\n<meta property=\"og:description\" content=\"Aviso legal La presente p\u00e1gina Web ha sido dise\u00f1ada para dar a conocer los servicios ofertados por\u00a0Mullor, S.A. Es por ello que en cumplimiento de lo [\u2026]\" \/>\n<meta property=\"og:url\" content=\"https:\/\/fundaciomullor.org\/es\/politica-de-privacidad\/\" \/>\n<meta property=\"og:site_name\" content=\"Mullor Fundaci\u00f3n\" \/>\n<meta property=\"article:modified_time\" content=\"2022-12-05T11:36:12+00:00\" \/>\n<meta name=\"twitter:card\" content=\"summary_large_image\" \/>\n<meta name=\"twitter:label1\" content=\"Tiempo de lectura\" \/>\n\t<meta name=\"twitter:data1\" content=\"8 minutos\" \/>\n<script type=\"application\/ld+json\" class=\"yoast-schema-graph\">{\"@context\":\"https:\/\/schema.org\",\"@graph\":[{\"@type\":\"WebPage\",\"@id\":\"https:\/\/fundaciomullor.org\/es\/politica-de-privacidad\/\",\"url\":\"https:\/\/fundaciomullor.org\/es\/politica-de-privacidad\/\",\"name\":\"Pol\u00edtica de privacidad - Mullor Fundaci\u00f3n\",\"isPartOf\":{\"@id\":\"https:\/\/fundaciomullor.org\/es\/#website\"},\"datePublished\":\"2022-12-05T11:20:51+00:00\",\"dateModified\":\"2022-12-05T11:36:12+00:00\",\"breadcrumb\":{\"@id\":\"https:\/\/fundaciomullor.org\/es\/politica-de-privacidad\/#breadcrumb\"},\"inLanguage\":\"es\",\"potentialAction\":[{\"@type\":\"ReadAction\",\"target\":[\"https:\/\/fundaciomullor.org\/es\/politica-de-privacidad\/\"]}]},{\"@type\":\"BreadcrumbList\",\"@id\":\"https:\/\/fundaciomullor.org\/es\/politica-de-privacidad\/#breadcrumb\",\"itemListElement\":[{\"@type\":\"ListItem\",\"position\":1,\"name\":\"Portada\",\"item\":\"https:\/\/fundaciomullor.org\/es\/\"},{\"@type\":\"ListItem\",\"position\":2,\"name\":\"Pol\u00edtica de privacidad\"}]},{\"@type\":\"WebSite\",\"@id\":\"https:\/\/fundaciomullor.org\/es\/#website\",\"url\":\"https:\/\/fundaciomullor.org\/es\/\",\"name\":\"Mullor Fundaci\u00f3n\",\"description\":\"Sociedades y personas responsables\",\"publisher\":{\"@id\":\"https:\/\/fundaciomullor.org\/es\/#organization\"},\"potentialAction\":[{\"@type\":\"SearchAction\",\"target\":{\"@type\":\"EntryPoint\",\"urlTemplate\":\"https:\/\/fundaciomullor.org\/es\/?s={search_term_string}\"},\"query-input\":{\"@type\":\"PropertyValueSpecification\",\"valueRequired\":true,\"valueName\":\"search_term_string\"}}],\"inLanguage\":\"es\"},{\"@type\":\"Organization\",\"@id\":\"https:\/\/fundaciomullor.org\/es\/#organization\",\"name\":\"Mullor Fundaci\u00f3n\",\"url\":\"https:\/\/fundaciomullor.org\/es\/\",\"logo\":{\"@type\":\"ImageObject\",\"inLanguage\":\"es\",\"@id\":\"https:\/\/fundaciomullor.org\/es\/#\/schema\/logo\/image\/\",\"url\":\"https:\/\/fundaciomullor.org\/wp-content\/uploads\/2022\/12\/logo-esp.svg\",\"contentUrl\":\"https:\/\/fundaciomullor.org\/wp-content\/uploads\/2022\/12\/logo-esp.svg\",\"caption\":\"Mullor Fundaci\u00f3n\"},\"image\":{\"@id\":\"https:\/\/fundaciomullor.org\/es\/#\/schema\/logo\/image\/\"}}]}<\/script>\n<!-- \/ Yoast SEO plugin. -->","yoast_head_json":{"title":"Pol\u00edtica de privacidad - Mullor Fundaci\u00f3n","robots":{"index":"index","follow":"follow","max-snippet":"max-snippet:-1","max-image-preview":"max-image-preview:large","max-video-preview":"max-video-preview:-1"},"canonical":"https:\/\/fundaciomullor.org\/es\/politica-de-privacidad\/","og_locale":"es_ES","og_type":"article","og_title":"Pol\u00edtica de privacidad - Mullor Fundaci\u00f3n","og_description":"Aviso legal La presente p\u00e1gina Web ha sido dise\u00f1ada para dar a conocer los servicios ofertados por\u00a0Mullor, S.A. Es por ello que en cumplimiento de lo [\u2026]","og_url":"https:\/\/fundaciomullor.org\/es\/politica-de-privacidad\/","og_site_name":"Mullor Fundaci\u00f3n","article_modified_time":"2022-12-05T11:36:12+00:00","twitter_card":"summary_large_image","twitter_misc":{"Tiempo de lectura":"8 minutos"},"schema":{"@context":"https:\/\/schema.org","@graph":[{"@type":"WebPage","@id":"https:\/\/fundaciomullor.org\/es\/politica-de-privacidad\/","url":"https:\/\/fundaciomullor.org\/es\/politica-de-privacidad\/","name":"Pol\u00edtica de privacidad - Mullor Fundaci\u00f3n","isPartOf":{"@id":"https:\/\/fundaciomullor.org\/es\/#website"},"datePublished":"2022-12-05T11:20:51+00:00","dateModified":"2022-12-05T11:36:12+00:00","breadcrumb":{"@id":"https:\/\/fundaciomullor.org\/es\/politica-de-privacidad\/#breadcrumb"},"inLanguage":"es","potentialAction":[{"@type":"ReadAction","target":["https:\/\/fundaciomullor.org\/es\/politica-de-privacidad\/"]}]},{"@type":"BreadcrumbList","@id":"https:\/\/fundaciomullor.org\/es\/politica-de-privacidad\/#breadcrumb","itemListElement":[{"@type":"ListItem","position":1,"name":"Portada","item":"https:\/\/fundaciomullor.org\/es\/"},{"@type":"ListItem","position":2,"name":"Pol\u00edtica de privacidad"}]},{"@type":"WebSite","@id":"https:\/\/fundaciomullor.org\/es\/#website","url":"https:\/\/fundaciomullor.org\/es\/","name":"Mullor Fundaci\u00f3n","description":"Sociedades y personas responsables","publisher":{"@id":"https:\/\/fundaciomullor.org\/es\/#organization"},"potentialAction":[{"@type":"SearchAction","target":{"@type":"EntryPoint","urlTemplate":"https:\/\/fundaciomullor.org\/es\/?s={search_term_string}"},"query-input":{"@type":"PropertyValueSpecification","valueRequired":true,"valueName":"search_term_string"}}],"inLanguage":"es"},{"@type":"Organization","@id":"https:\/\/fundaciomullor.org\/es\/#organization","name":"Mullor Fundaci\u00f3n","url":"https:\/\/fundaciomullor.org\/es\/","logo":{"@type":"ImageObject","inLanguage":"es","@id":"https:\/\/fundaciomullor.org\/es\/#\/schema\/logo\/image\/","url":"https:\/\/fundaciomullor.org\/wp-content\/uploads\/2022\/12\/logo-esp.svg","contentUrl":"https:\/\/fundaciomullor.org\/wp-content\/uploads\/2022\/12\/logo-esp.svg","caption":"Mullor Fundaci\u00f3n"},"image":{"@id":"https:\/\/fundaciomullor.org\/es\/#\/schema\/logo\/image\/"}}]}},"_links":{"self":[{"href":"https:\/\/fundaciomullor.org\/es\/wp-json\/wp\/v2\/pages\/896","targetHints":{"allow":["GET"]}}],"collection":[{"href":"https:\/\/fundaciomullor.org\/es\/wp-json\/wp\/v2\/pages"}],"about":[{"href":"https:\/\/fundaciomullor.org\/es\/wp-json\/wp\/v2\/types\/page"}],"author":[{"embeddable":true,"href":"https:\/\/fundaciomullor.org\/es\/wp-json\/wp\/v2\/users\/1"}],"replies":[{"embeddable":true,"href":"https:\/\/fundaciomullor.org\/es\/wp-json\/wp\/v2\/comments?post=896"}],"version-history":[{"count":0,"href":"https:\/\/fundaciomullor.org\/es\/wp-json\/wp\/v2\/pages\/896\/revisions"}],"wp:attachment":[{"href":"https:\/\/fundaciomullor.org\/es\/wp-json\/wp\/v2\/media?parent=896"}],"curies":[{"name":"wp","href":"https:\/\/api.w.org\/{rel}","templated":true}]}}